{"id":1154,"date":"2021-03-15T18:18:16","date_gmt":"2021-03-15T18:18:16","guid":{"rendered":"https:\/\/ndeb.wpengine.com\/?page_id=1154"},"modified":"2026-05-22T17:21:49","modified_gmt":"2026-05-22T21:21:49","slug":"a-propos","status":"publish","type":"page","link":"https:\/\/ndeb-bned.ca\/activity-log-backup\/fr\/a-propos\/","title":{"rendered":"\u00c0 propos du BNED"},"content":{"rendered":"<div class=\"wpb-content-wrapper\"><p>[vc_row css_animation=\u00a0\u00bb\u00a0\u00bb row_type=\u00a0\u00bbrow\u00a0\u00bb use_row_as_full_screen_section=\u00a0\u00bbno\u00a0\u00bb type=\u00a0\u00bbgrid\u00a0\u00bb angled_section=\u00a0\u00bbno\u00a0\u00bb text_align=\u00a0\u00bbleft\u00a0\u00bb background_image_as_pattern=\u00a0\u00bbwithout_pattern\u00a0\u00bb css=\u00a0\u00bb.vc_custom_1613411306623{padding-top: 90px !important;padding-bottom: 50px !important;}\u00a0\u00bb z_index=\u00a0\u00bb\u00a0\u00bb el_class=\u00a0\u00bbcontainer-1180&Prime;][vc_column][vc_column_text]<\/p>\n<h2 class=\"h3\">Notre r\u00f4le dans la profession<\/h2>\n<p>Cr\u00e9\u00e9 par une loi f\u00e9d\u00e9rale, le Bureau national d\u2019examen dentaire du Canada (BNED) a re\u00e7u le mandat d\u2019\u00e9tablir une norme nationale unique pour les dentistes g\u00e9n\u00e9ralistes\u00a0 au Canada et d\u2019\u00e9laborer et d\u2019administrer des examens pour s\u2019assurer que les personnes qui font une demande de permis \u00e0 titre de dentiste ont satisfait \u00e0 la norme nationale.<\/p>\n<p>Le BNED travaille en collaboration avec les facult\u00e9s dentaires du Canada, la Commission de l\u2019agr\u00e9ment dentaire du Canada et les organismes de r\u00e9glementation dentaire provinciaux, afin d\u2019appuyer des soins dentaires de qualit\u00e9 au Canada.[\/vc_column_text][\/vc_column][\/vc_row][vc_row css_animation=\u00a0\u00bb\u00a0\u00bb row_type=\u00a0\u00bbrow\u00a0\u00bb use_row_as_full_screen_section=\u00a0\u00bbno\u00a0\u00bb type=\u00a0\u00bbgrid\u00a0\u00bb angled_section=\u00a0\u00bbno\u00a0\u00bb text_align=\u00a0\u00bbleft\u00a0\u00bb background_image_as_pattern=\u00a0\u00bbwithout_pattern\u00a0\u00bb z_index=\u00a0\u00bb\u00a0\u00bb el_class=\u00a0\u00bbcontainer-1180&Prime;][vc_column]<div class=\"qode-info-card image_on_left \">\r\n\r\n \t\t<div class=\"qode-info-card-image\">\r\n        <div class=\"qode-info-card-image-bg\"  style=\" background-image:url('https:\/\/ndeb-bned.ca\/wp-content\/uploads\/2021\/02\/img-mission-box.jpg')\">\r\n\t\t\t<img decoding=\"async\" src=\"https:\/\/ndeb-bned.ca\/wp-content\/uploads\/2021\/02\/img-mission-box.jpg\" alt=\"MISSION\" \/>\r\n        <\/div>    \r\n\t\t<\/div>\r\n\t\r\n\t\r\n\t<div class=\"qode-info-card-text-holder\" >\r\n    <div class=\"qode-info-card-text-holder-inner\">\r\n\t\t\r\n        <div class=\"info-content\" style=\"background-color:#bb5c00\">\r\n        \t\t\t<h2 class=\"qode-info-card-title\" >\r\n\t\t\t\tMISSION\t\t\t<\/h2>\r\n\t\t        \r\n\t\t\t\t\t<div class=\"qode-info-card-text\" >\r\n\t\t\t\tContribuer \u00e0 la sant\u00e9 dentaire des Canadiens en produisant une \u00e9valuation de comp\u00e9tence juste, valide et fiable pour la certification des dentistes au Canada.\t\t\t<\/div>\r\n\t\t       \r\n       \r\n    <\/div>\r\n    \r\n         \r\n\t<\/div>\r\n    <\/div>\r\n\t\r\n    \r\n   \r\n    \r\n<\/div>[\/vc_column][\/vc_row][vc_row css_animation=\u00a0\u00bb\u00a0\u00bb row_type=\u00a0\u00bbrow\u00a0\u00bb use_row_as_full_screen_section=\u00a0\u00bbno\u00a0\u00bb type=\u00a0\u00bbgrid\u00a0\u00bb angled_section=\u00a0\u00bbno\u00a0\u00bb text_align=\u00a0\u00bbleft\u00a0\u00bb background_image_as_pattern=\u00a0\u00bbwithout_pattern\u00a0\u00bb z_index=\u00a0\u00bb\u00a0\u00bb el_class=\u00a0\u00bbcontainer-1180&Prime;][vc_column]<div class=\"ndeb_board_box\"><div class=\"ndeb_board_content\"><h2  class=\"ndeb_board_title\">Bureau du BNED<\/h2>Le Bureau national d\u2019examen dentaire du Canada est compos\u00e9 de 12 membres. Les dix organismes de r\u00e9glementation dentaire provinciaux nomment chacun un membre et la Commission de l\u2019agr\u00e9ment dentaire du Canada (CADC) nomme deux membres. Il y a \u00e9galement un repr\u00e9sentant du public qui si\u00e8ge au Bureau. Les membres du Bureau se rencontrent annuellement.<\/div><div class=\"ndeb_board_committe clearfix\"><span class=\"cell-box\"> <span class=\"cell\">Comit\u00e9 ex\u00e9cutif<\/span><\/span><span class=\"cell-box\"> <span class=\"cell\">Comit\u00e9 d'audit et des finances<\/span><\/span><span class=\"cell-box\"> <span class=\"cell\">Comit\u00e9 des examens<\/span><\/span><span class=\"cell-box\"> <span class=\"cell\">Comit\u00e9 des r\u00e8glements<\/span><\/span><span class=\"cell-box\"> <span class=\"cell\">Comit\u00e9 d'appel<\/span><\/span><span class=\"cell-box\"> <span class=\"cell\">Comit\u00e9 des nominations<\/span><\/span><span class=\"cell-box\"> <span class=\"cell\">Comit\u00e9 de la recherche<\/span><\/span><\/div><\/div>[vc_empty_space height=\u00a0\u00bb50px\u00a0\u00bb][\/vc_column][\/vc_row][vc_row css_animation=\u00a0\u00bb\u00a0\u00bb row_type=\u00a0\u00bbrow\u00a0\u00bb use_row_as_full_screen_section=\u00a0\u00bbno\u00a0\u00bb type=\u00a0\u00bbgrid\u00a0\u00bb angled_section=\u00a0\u00bbno\u00a0\u00bb text_align=\u00a0\u00bbleft\u00a0\u00bb background_image_as_pattern=\u00a0\u00bbwithout_pattern\u00a0\u00bb css=\u00a0\u00bb.vc_custom_1613412268382{padding-bottom: 50px !important;}\u00a0\u00bb z_index=\u00a0\u00bb\u00a0\u00bb el_class=\u00a0\u00bbcontainer-1180&Prime;][vc_column][vc_separator type=\u00a0\u00bbnormal\u00a0\u00bb color=\u00a0\u00bb#dedede\u00a0\u00bb thickness=\u00a0\u00bb1&Prime;][vc_column_text css=\u00a0\u00bb.vc_custom_1622768323097{padding-top: 30px !important;padding-bottom: 30px !important;}\u00a0\u00bb]<\/p>\n<h2 class=\"h3\">Membres du BNED<\/h2>\n<p>[\/vc_column_text][vc_row_inner row_type=\u00a0\u00bbrow\u00a0\u00bb type=\u00a0\u00bbfull_width\u00a0\u00bb text_align=\u00a0\u00bbleft\u00a0\u00bb css_animation=\u00a0\u00bb\u00a0\u00bb][vc_column_inner width=\u00a0\u00bb1\/3&Prime;][vc_column_text css=\u00a0\u00bb\u00a0\u00bb]<strong>Sneha Abhyankar<\/strong><br \/>\nVice-pr\u00e9sident et tr\u00e9sorier, Terre-Neuve et Labrador<\/p>\n<p><strong>Mintoo Basahti<\/strong><br \/>\nAlberta<\/p>\n<p><strong>Bertrand Chan<br \/>\n<\/strong>Colombie-Britannique<\/p>\n<p><strong>Tanya Cook<\/strong><br \/>\nNouvelle-\u00c9cosse<\/p>\n<p><strong>Marie Dagenais<\/strong><br \/>\nDirectrice g\u00e9n\u00e9rale et registraire[\/vc_column_text][vc_empty_space][\/vc_column_inner][vc_column_inner width=\u00a0\u00bb1\/3&Prime;][vc_column_text css=\u00a0\u00bb\u00a0\u00bb]<strong>Noha Gomaa<\/strong><br \/>\nOntario<\/p>\n<p><strong>St\u00e9fan Haas-Jean<\/strong><br \/>\nPr\u00e9sident, <span data-olk-copy-source=\"MessageBody\">Quebec<\/span><\/p>\n<p><strong>Miguel LeBlanc<\/strong><br \/>\nRepr\u00e9sentante du public, Nouvelle-\u00c9cosse<\/p>\n<p><strong>Debora Matthews<\/strong><br \/>\nRepr\u00e9sentante de CADC<\/p>\n<p><strong>St\u00e9fan Pich\u00e9<\/strong><br \/>\nSaskatchewan[\/vc_column_text][vc_empty_space][\/vc_column_inner][vc_column_inner width=\u00a0\u00bb1\/3&Prime;][vc_column_text css=\u00a0\u00bb\u00a0\u00bb]<strong>Alan Robinson<\/strong><br \/>\n\u00cele-du Prince-\u00c9douard<\/p>\n<p><strong>Andrew Rowe<\/strong><br \/>\nNouveaux-Brunswick<\/p>\n<p><strong>Amarjit Singh Rihal<\/strong><br \/>\nAncien pr\u00e9sident, <span data-olk-copy-source=\"MessageBody\">Manitoba<\/span><\/p>\n<p><strong>Jim Posluns<\/strong><br \/>\nRepr\u00e9sentant de CADC[\/vc_column_text][vc_empty_space][\/vc_column_inner][\/vc_row_inner][\/vc_column][\/vc_row][vc_row css_animation=\u00a0\u00bb\u00a0\u00bb row_type=\u00a0\u00bbrow\u00a0\u00bb use_row_as_full_screen_section=\u00a0\u00bbno\u00a0\u00bb type=\u00a0\u00bbgrid\u00a0\u00bb angled_section=\u00a0\u00bbno\u00a0\u00bb text_align=\u00a0\u00bbleft\u00a0\u00bb background_image_as_pattern=\u00a0\u00bbwithout_pattern\u00a0\u00bb css=\u00a0\u00bb.vc_custom_1615173663028{padding-bottom: 50px !important;}\u00a0\u00bb z_index=\u00a0\u00bb\u00a0\u00bb el_class=\u00a0\u00bbcontainer-1180&Prime;][vc_column][vc_separator type=\u00a0\u00bbnormal\u00a0\u00bb color=\u00a0\u00bb#dedede\u00a0\u00bb thickness=\u00a0\u00bb1&Prime;][vc_column_text css=\u00a0\u00bb.vc_custom_1739904224380{padding-top: 30px !important;}\u00a0\u00bb]<\/p>\n<h2 class=\"h3\">Priorit\u00e9s strat\u00e9giques 2025-2029<\/h2>\n<p>Le BNED joue un r\u00f4le crucial dans l&rsquo;acc\u00e8s \u00e0 la profession dentaire et dans la s\u00e9curit\u00e9 publique. Son plan strat\u00e9gique a \u00e9t\u00e9 \u00e9labor\u00e9 pour renforcer la valeur du processus d&rsquo;\u00e9valuation du BNED pour les dentistes, en \u00e9quilibrant la n\u00e9cessit\u00e9 de maintenir des normes de comp\u00e9tence \u00e9lev\u00e9es tout en explorant de nouvelles fa\u00e7ons de rationaliser les d\u00e9lais d&rsquo;obtention de l&rsquo;autorisation d&rsquo;exercer.[\/vc_column_text][\/vc_column][\/vc_row][vc_row css_animation=\u00a0\u00bb\u00a0\u00bb row_type=\u00a0\u00bbrow\u00a0\u00bb use_row_as_full_screen_section=\u00a0\u00bbno\u00a0\u00bb type=\u00a0\u00bbgrid\u00a0\u00bb angled_section=\u00a0\u00bbno\u00a0\u00bb text_align=\u00a0\u00bbleft\u00a0\u00bb background_image_as_pattern=\u00a0\u00bbwithout_pattern\u00a0\u00bb css=\u00a0\u00bb.vc_custom_1613412548038{padding-bottom: 120px !important;}\u00a0\u00bb z_index=\u00a0\u00bb\u00a0\u00bb el_class=\u00a0\u00bbcontainer-1180&Prime;][vc_column]<div class=\"qode-advanced-tabs qode-advanced-tabs qode-advanced-horizontal-tab clearfix qode-advanced-tab-without-icon qode-advanced-tabs-column-4 clearfix\">\n\t<ul class=\"qode-advanced-tabs-nav\">\n\t\t\t\t\t<li>\n\t\t\t\t<h3>\n\t\t\t\t\t<a href=\"#tab-reconnaitre-la-diversite-des-besoins-des-candidats-et-mettre-en-place-des-processus-pour-les-aider-a-obtenir-leur-certification\">\n\t\t\t\t\t\t\n\t\t\t\t\t\t\t\t\t\t\t\t\t<span class=\"qode-advanced-tab-text-after-icon\">\n\t\t\t\t\t\t\t\tReconna\u00eetre la diversit\u00e9 des besoins des candidats et mettre en place des processus pour les aider \u00e0 obtenir leur certification\t\t\t\t\t\t\t<\/span>\n\t\t\t\t\t\t\t\t\t\t\t<\/a>\n\t\t\t\t<\/h3>\n\t\t\t<\/li>\n\t\t\t\t\t<li>\n\t\t\t\t<h3>\n\t\t\t\t\t<a href=\"#tab-promouvoir-la-valeur-de-levaluation-des-competences-pour-la-profession\">\n\t\t\t\t\t\t\n\t\t\t\t\t\t\t\t\t\t\t\t\t<span class=\"qode-advanced-tab-text-after-icon\">\n\t\t\t\t\t\t\t\tPromouvoir la valeur de l&#039;\u00e9valuation des comp\u00e9tences pour la profession\t\t\t\t\t\t\t<\/span>\n\t\t\t\t\t\t\t\t\t\t\t<\/a>\n\t\t\t\t<\/h3>\n\t\t\t<\/li>\n\t\t\t\t\t<li>\n\t\t\t\t<h3>\n\t\t\t\t\t<a href=\"#tab-tirer-parti-des-technologies-de-linformation-pour-ameliorer-la-prestation-de-services\">\n\t\t\t\t\t\t\n\t\t\t\t\t\t\t\t\t\t\t\t\t<span class=\"qode-advanced-tab-text-after-icon\">\n\t\t\t\t\t\t\t\tTirer parti des technologies de l&#039;information pour am\u00e9liorer la prestation de services\t\t\t\t\t\t\t<\/span>\n\t\t\t\t\t\t\t\t\t\t\t<\/a>\n\t\t\t\t<\/h3>\n\t\t\t<\/li>\n\t\t\t\t\t<li>\n\t\t\t\t<h3>\n\t\t\t\t\t<a href=\"#tab-investir-dans-la-recherche-afin-declairer-la-prise-de-decision-ainsi-que-lelaboration-et-la-mise-en-oeuvre-des-examens\">\n\t\t\t\t\t\t\n\t\t\t\t\t\t\t\t\t\t\t\t\t<span class=\"qode-advanced-tab-text-after-icon\">\n\t\t\t\t\t\t\t\tInvestir dans la recherche afin d&#039;\u00e9clairer la prise de d\u00e9cision ainsi que l&#039;\u00e9laboration et la mise en \u0153uvre des examens\t\t\t\t\t\t\t<\/span>\n\t\t\t\t\t\t\t\t\t\t\t<\/a>\n\t\t\t\t<\/h3>\n\t\t\t<\/li>\n\t\t\t<\/ul>\n\t<span class=\"mobile_tab\">\r\n\t\t\t\t\t\r\n\t\t\t\t\t\t\t\t\t\t\t\t\t<span class=\"qode-advanced-tab-text-after-icon\">\r\n\t\t\t\t\t\t\t\tReconna\u00eetre la diversit\u00e9 des besoins des candidats et mettre en place des processus pour les aider \u00e0 obtenir leur certification-664\t\t\t\t\t\t\t<\/span>\r\n\t\t\t\t\t\t\t\t\t\t\r\n\t\t\t\t<\/span>\r\n<div class=\"qode-advanced-tab-container\" id=\"tab-reconnaitre-la-diversite-des-besoins-des-candidats-et-mettre-en-place-des-processus-pour-les-aider-a-obtenir-leur-certification-664\" data-icon-pack=\"\" data-icon-html=\"\">[vc_column_text css=\u00a0\u00bb\u00a0\u00bb]<\/p>\n<h4 class=\"h6\">OBJECTIFS<\/h4>\n<ul>\n<li>Travailler avec d&rsquo;autres organisations pour fournir des informations pr\u00e9cises et opportunes aux personnes souhaitant obtenir un permis d\u2019exercice ou une certification.<\/li>\n<li>\u00c9tudier les moyens de r\u00e9duire les d\u00e9lais d&rsquo;obtention de la certification.<\/li>\n<li>Am\u00e9liorer les ressources d&rsquo;examen telles que les formations compl\u00e9mentaires, les modules, les outils \u00e9ducatifs, etc.<\/li>\n<\/ul>\n<p>[\/vc_column_text]<\/div><span class=\"mobile_tab\">\r\n\t\t\t\t\t\r\n\t\t\t\t\t\t\t\t\t\t\t\t\t<span class=\"qode-advanced-tab-text-after-icon\">\r\n\t\t\t\t\t\t\t\tPromouvoir la valeur de l&#039;\u00e9valuation des comp\u00e9tences pour la profession-218\t\t\t\t\t\t\t<\/span>\r\n\t\t\t\t\t\t\t\t\t\t\r\n\t\t\t\t<\/span>\r\n<div class=\"qode-advanced-tab-container\" id=\"tab-promouvoir-la-valeur-de-levaluation-des-competences-pour-la-profession-218\" data-icon-pack=\"\" data-icon-html=\"\">[vc_column_text css=\u00a0\u00bb\u00a0\u00bb]<\/p>\n<h4 class=\"h6\">OBJECTIFS<\/h4>\n<ul>\n<li>\u00c9laborer une strat\u00e9gie de relations avec les gouvernements.<\/li>\n<li>Cr\u00e9er des partenariats avec des organisations apparent\u00e9es dans le domaine des soins de sant\u00e9.<\/li>\n<li>Renforcer la r\u00e9putation du BNED en ce qui concerne la r\u00e9alisation d&rsquo;examens \u00e9quitables, valides et fiables.<\/li>\n<\/ul>\n<p>[\/vc_column_text]<\/div><span class=\"mobile_tab\">\r\n\t\t\t\t\t\r\n\t\t\t\t\t\t\t\t\t\t\t\t\t<span class=\"qode-advanced-tab-text-after-icon\">\r\n\t\t\t\t\t\t\t\tTirer parti des technologies de l&#039;information pour am\u00e9liorer la prestation de services-825\t\t\t\t\t\t\t<\/span>\r\n\t\t\t\t\t\t\t\t\t\t\r\n\t\t\t\t<\/span>\r\n<div class=\"qode-advanced-tab-container\" id=\"tab-tirer-parti-des-technologies-de-linformation-pour-ameliorer-la-prestation-de-services-825\" data-icon-pack=\"\" data-icon-html=\"\">[vc_column_text css=\u00a0\u00bb\u00a0\u00bb]<\/p>\n<h4 class=\"h6\">OBJECTIFS<\/h4>\n<ul>\n<li>Investir dans des solutions personnalis\u00e9es qui soutiendront les projets et les services destin\u00e9s aux parties prenantes.<\/li>\n<li>Stabiliser la transmission \u00e9lectronique des examens.<\/li>\n<li>R\u00e9duire la d\u00e9pendance \u00e0 l&rsquo;\u00e9gard des tiers.<\/li>\n<li>Examiner les sites d&rsquo;examen c\u00e2bl\u00e9s et les mettre en \u0153uvre le cas \u00e9ch\u00e9ant.<\/li>\n<\/ul>\n<p>[\/vc_column_text]<\/div><span class=\"mobile_tab\">\r\n\t\t\t\t\t\r\n\t\t\t\t\t\t\t\t\t\t\t\t\t<span class=\"qode-advanced-tab-text-after-icon\">\r\n\t\t\t\t\t\t\t\tInvestir dans la recherche afin d&#039;\u00e9clairer la prise de d\u00e9cision ainsi que l&#039;\u00e9laboration et la mise en \u0153uvre des examens-608\t\t\t\t\t\t\t<\/span>\r\n\t\t\t\t\t\t\t\t\t\t\r\n\t\t\t\t<\/span>\r\n<div class=\"qode-advanced-tab-container\" id=\"tab-investir-dans-la-recherche-afin-declairer-la-prise-de-decision-ainsi-que-lelaboration-et-la-mise-en-oeuvre-des-examens-608\" data-icon-pack=\"\" data-icon-html=\"\">[vc_column_text css=\u00a0\u00bb\u00a0\u00bb]<\/p>\n<h4 class=\"h6\">OBJECTIFS<\/h4>\n<ul>\n<li>Ajouter des ressources bas\u00e9es sur des projets avec une expertise en science des donn\u00e9es.<\/li>\n<li>\u00c9laborer un programme de recherche.<\/li>\n<li>Assister \u00e0 des conf\u00e9rences li\u00e9es \u00e0 l&rsquo;industrie.<\/li>\n<\/ul>\n<p>[\/vc_column_text]<\/div><\/div>[\/vc_column][\/vc_row]<\/p>\n<\/div>","protected":false},"excerpt":{"rendered":"<p>[vc_row css_animation=\u00a0\u00bb\u00a0\u00bb row_type=\u00a0\u00bbrow\u00a0\u00bb use_row_as_full_screen_section=\u00a0\u00bbno\u00a0\u00bb type=\u00a0\u00bbgrid\u00a0\u00bb angled_section=\u00a0\u00bbno\u00a0\u00bb text_align=\u00a0\u00bbleft\u00a0\u00bb background_image_as_pattern=\u00a0\u00bbwithout_pattern\u00a0\u00bb css=\u00a0\u00bb.vc_custom_1613411306623{padding-top: 90px !important;padding-bottom: 50px !important;}\u00a0\u00bb z_index=\u00a0\u00bb\u00a0\u00bb el_class=\u00a0\u00bbcontainer-1180&Prime;][vc_column][vc_column_text] Notre r\u00f4le dans la profession Cr\u00e9\u00e9 par une loi f\u00e9d\u00e9rale, le Bureau national d\u2019examen dentaire&#8230;<\/p>\n","protected":false},"author":1,"featured_media":0,"parent":0,"menu_order":0,"comment_status":"closed","ping_status":"closed","template":"full_width.php","meta":{"_acf_changed":false,"inline_featured_image":false,"footnotes":""},"class_list":["post-1154","page","type-page","status-publish","hentry"],"acf":[],"_links":{"self":[{"href":"https:\/\/ndeb-bned.ca\/activity-log-backup\/fr\/wp-json\/wp\/v2\/pages\/1154","targetHints":{"allow":["GET"]}}],"collection":[{"href":"https:\/\/ndeb-bned.ca\/activity-log-backup\/fr\/wp-json\/wp\/v2\/pages"}],"about":[{"href":"https:\/\/ndeb-bned.ca\/activity-log-backup\/fr\/wp-json\/wp\/v2\/types\/page"}],"author":[{"embeddable":true,"href":"https:\/\/ndeb-bned.ca\/activity-log-backup\/fr\/wp-json\/wp\/v2\/users\/1"}],"replies":[{"embeddable":true,"href":"https:\/\/ndeb-bned.ca\/activity-log-backup\/fr\/wp-json\/wp\/v2\/comments?post=1154"}],"version-history":[{"count":20,"href":"https:\/\/ndeb-bned.ca\/activity-log-backup\/fr\/wp-json\/wp\/v2\/pages\/1154\/revisions"}],"predecessor-version":[{"id":98764,"href":"https:\/\/ndeb-bned.ca\/activity-log-backup\/fr\/wp-json\/wp\/v2\/pages\/1154\/revisions\/98764"}],"wp:attachment":[{"href":"https:\/\/ndeb-bned.ca\/activity-log-backup\/fr\/wp-json\/wp\/v2\/media?parent=1154"}],"curies":[{"name":"wp","href":"https:\/\/api.w.org\/{rel}","templated":true}]}}